{"id":43,"date":"2019-12-05T14:27:31","date_gmt":"2019-12-05T13:27:31","guid":{"rendered":"http:\/\/toilesfilantesproductions.com\/?page_id=43"},"modified":"2020-05-19T14:23:11","modified_gmt":"2020-05-19T12:23:11","slug":"films-institutionnels","status":"publish","type":"page","link":"https:\/\/toilesfilantesproductions.com\/index.php\/films-institutionnels\/","title":{"rendered":"films institutionnels"},"content":{"rendered":"\t\t<div data-elementor-type=\"wp-page\" data-elementor-id=\"43\" class=\"elementor elementor-43\" data-elementor-settings=\"[]\">\n\t\t\t\t\t\t<div class=\"elementor-inner\">\n\t\t\t\t\t\t\t<div class=\"elementor-section-wrap\">\n\t\t\t\t\t\t\t<section class=\"elementor-section elementor-top-section elementor-element elementor-element-0d13218 elementor-section-boxed elementor-section-height-default elementor-section-height-default\" data-id=\"0d13218\" data-element_type=\"section\">\n\t\t\t\t\t\t<div class=\"elementor-container elementor-column-gap-default\">\n\t\t\t\t\t\t\t<div class=\"elementor-row\">\n\t\t\t\t\t<div class=\"elementor-column elementor-col-50 elementor-top-column elementor-element elementor-element-26a04eb\" data-id=\"26a04eb\" data-element_type=\"column\">\n\t\t\t<div class=\"elementor-column-wrap elementor-element-populated\">\n\t\t\t\t\t\t\t<div class=\"elementor-widget-wrap\">\n\t\t\t\t\t\t<div class=\"elementor-element elementor-element-8bf59f4 elementor-widget elementor-widget-image\" data-id=\"8bf59f4\" data-element_type=\"widget\" data-widget_type=\"image.default\">\n\t\t\t\t<div class=\"elementor-widget-container\">\n\t\t\t\t\t<div class=\"elementor-image\">\n\t\t\t\t\t\t\t\t\t\t\t<a href=\"https:\/\/www.youtube.com\/watch?v=J35NHOHZkuY&#038;feature=emb_logo\" target=\"_blank\" rel=\"nofollow\">\n\t\t\t\t\t\t\t<img loading=\"lazy\" decoding=\"async\" width=\"650\" height=\"366\" src=\"https:\/\/toilesfilantesproductions.com\/wp-content\/uploads\/2020\/04\/01-asso-biovalle\u0301e.jpg\" class=\"attachment-large size-large\" alt=\"\" srcset=\"https:\/\/toilesfilantesproductions.com\/wp-content\/uploads\/2020\/04\/01-asso-biovalle\u0301e.jpg 650w, https:\/\/toilesfilantesproductions.com\/wp-content\/uploads\/2020\/04\/01-asso-biovalle\u0301e-300x169.jpg 300w\" sizes=\"(max-width: 650px) 85vw, 650px\" \/>\t\t\t\t\t\t\t\t<\/a>\n\t\t\t\t\t\t\t\t\t\t\t<\/div>\n\t\t\t\t<\/div>\n\t\t\t\t<\/div>\n\t\t\t\t<div class=\"elementor-element elementor-element-1b22206 elementor-widget elementor-widget-text-editor\" data-id=\"1b22206\" data-element_type=\"widget\" data-widget_type=\"text-editor.default\">\n\t\t\t\t<div class=\"elementor-widget-container\">\n\t\t\t\t\t<div class=\"elementor-text-editor elementor-clearfix\"><p><strong>L\u2019association Biovall\u00e9e<\/strong> <br \/><span style=\"font-size: 10pt;\">image : Thorsten Kunisch et Camille Arnaud | <\/span><span style=\"font-size: 10pt;\">montage : Thorsten Kunisch et Camille Arnaud\u2028 | prise de son : Matthieu Quillet | \u20284min55s<\/span><\/p><\/div>\n\t\t\t\t<\/div>\n\t\t\t\t<\/div>\n\t\t\t\t\t\t<\/div>\n\t\t\t\t\t<\/div>\n\t\t<\/div>\n\t\t\t\t<div class=\"elementor-column elementor-col-50 elementor-top-column elementor-element elementor-element-8f3a17a\" data-id=\"8f3a17a\" data-element_type=\"column\">\n\t\t\t<div class=\"elementor-column-wrap elementor-element-populated\">\n\t\t\t\t\t\t\t<div class=\"elementor-widget-wrap\">\n\t\t\t\t\t\t<div class=\"elementor-element elementor-element-40594f9 elementor-widget elementor-widget-image\" data-id=\"40594f9\" data-element_type=\"widget\" data-widget_type=\"image.default\">\n\t\t\t\t<div class=\"elementor-widget-container\">\n\t\t\t\t\t<div class=\"elementor-image\">\n\t\t\t\t\t\t\t\t\t\t\t<a href=\"https:\/\/vimeo.com\/224190448\" target=\"_blank\" rel=\"nofollow\">\n\t\t\t\t\t\t\t<img loading=\"lazy\" decoding=\"async\" width=\"840\" height=\"473\" src=\"https:\/\/toilesfilantesproductions.com\/wp-content\/uploads\/2020\/04\/02-123-Soleil-artistes-a\u0300-lhopital-1024x576.jpg\" class=\"attachment-large size-large\" alt=\"\" srcset=\"https:\/\/toilesfilantesproductions.com\/wp-content\/uploads\/2020\/04\/02-123-Soleil-artistes-a\u0300-lhopital-1024x576.jpg 1024w, https:\/\/toilesfilantesproductions.com\/wp-content\/uploads\/2020\/04\/02-123-Soleil-artistes-a\u0300-lhopital-300x169.jpg 300w, https:\/\/toilesfilantesproductions.com\/wp-content\/uploads\/2020\/04\/02-123-Soleil-artistes-a\u0300-lhopital-768x432.jpg 768w, https:\/\/toilesfilantesproductions.com\/wp-content\/uploads\/2020\/04\/02-123-Soleil-artistes-a\u0300-lhopital-1536x864.jpg 1536w, https:\/\/toilesfilantesproductions.com\/wp-content\/uploads\/2020\/04\/02-123-Soleil-artistes-a\u0300-lhopital-2048x1152.jpg 2048w, https:\/\/toilesfilantesproductions.com\/wp-content\/uploads\/2020\/04\/02-123-Soleil-artistes-a\u0300-lhopital-1200x675.jpg 1200w\" sizes=\"(max-width: 709px) 85vw, (max-width: 909px) 67vw, (max-width: 1362px) 62vw, 840px\" \/>\t\t\t\t\t\t\t\t<\/a>\n\t\t\t\t\t\t\t\t\t\t\t<\/div>\n\t\t\t\t<\/div>\n\t\t\t\t<\/div>\n\t\t\t\t<div class=\"elementor-element elementor-element-ae887a8 elementor-widget elementor-widget-text-editor\" data-id=\"ae887a8\" data-element_type=\"widget\" data-widget_type=\"text-editor.default\">\n\t\t\t\t<div class=\"elementor-widget-container\">\n\t\t\t\t\t<div class=\"elementor-text-editor elementor-clearfix\"><p><strong>123 Soleil, des artistes \u00e0 l\u2019H\u00f4pital<\/strong><br \/><span style=\"font-size: 10pt;\">image et montage : Thorsten Kunisch | son : Matthieu Quillet | 14min<\/span><\/p><\/div>\n\t\t\t\t<\/div>\n\t\t\t\t<\/div>\n\t\t\t\t\t\t<\/div>\n\t\t\t\t\t<\/div>\n\t\t<\/div>\n\t\t\t\t\t\t\t\t<\/div>\n\t\t\t\t\t<\/div>\n\t\t<\/section>\n\t\t\t\t<section class=\"elementor-section elementor-top-section elementor-element elementor-element-1aa8ff8 elementor-section-boxed elementor-section-height-default elementor-section-height-default\" data-id=\"1aa8ff8\" data-element_type=\"section\">\n\t\t\t\t\t\t<div class=\"elementor-container elementor-column-gap-default\">\n\t\t\t\t\t\t\t<div class=\"elementor-row\">\n\t\t\t\t\t<div class=\"elementor-column elementor-col-50 elementor-top-column elementor-element elementor-element-cde22d4\" data-id=\"cde22d4\" data-element_type=\"column\">\n\t\t\t<div class=\"elementor-column-wrap elementor-element-populated\">\n\t\t\t\t\t\t\t<div class=\"elementor-widget-wrap\">\n\t\t\t\t\t\t<div class=\"elementor-element elementor-element-dc579a5 elementor-widget elementor-widget-image\" data-id=\"dc579a5\" data-element_type=\"widget\" data-widget_type=\"image.default\">\n\t\t\t\t<div class=\"elementor-widget-container\">\n\t\t\t\t\t<div class=\"elementor-image\">\n\t\t\t\t\t\t\t\t\t\t\t<a href=\"https:\/\/vimeo.com\/157331416\" target=\"_blank\" rel=\"nofollow\">\n\t\t\t\t\t\t\t<img loading=\"lazy\" decoding=\"async\" width=\"650\" height=\"358\" src=\"https:\/\/toilesfilantesproductions.com\/wp-content\/uploads\/2020\/04\/03-conseillocal3.jpg\" class=\"attachment-large size-large\" alt=\"\" srcset=\"https:\/\/toilesfilantesproductions.com\/wp-content\/uploads\/2020\/04\/03-conseillocal3.jpg 650w, https:\/\/toilesfilantesproductions.com\/wp-content\/uploads\/2020\/04\/03-conseillocal3-300x165.jpg 300w\" sizes=\"(max-width: 650px) 85vw, 650px\" \/>\t\t\t\t\t\t\t\t<\/a>\n\t\t\t\t\t\t\t\t\t\t\t<\/div>\n\t\t\t\t<\/div>\n\t\t\t\t<\/div>\n\t\t\t\t<div class=\"elementor-element elementor-element-5626eca elementor-widget elementor-widget-text-editor\" data-id=\"5626eca\" data-element_type=\"widget\" data-widget_type=\"text-editor.default\">\n\t\t\t\t<div class=\"elementor-widget-container\">\n\t\t\t\t\t<div class=\"elementor-text-editor elementor-clearfix\"><p><strong>Conseil Local de D\u00e9veloppement &#8211; CCVD<br \/><\/strong><span style=\"font-size: 10pt;\">image, montage : Thorsten Kunisch | son : Matthieu Quillet | 8min<\/span><br \/><br \/><span style=\"font-size: 10pt;\">Clip sur Le Conseil Local de D\u00e9veloppement du Val de Dr\u00f4me. Le CLD rassemble des habitant-e-s qui \u00e9changent des id\u00e9es et font \u00e9merger des besoins pour alimenter la r\u00e9flexion des \u00e9lu-e-s et accompagner les projets locaux. Cette instance de d\u00e9mocratie participative a vocation \u00e0 accompagner les politiques contractuelles d\u2019am\u00e9nagement du territoire aux diff\u00e9rentes \u00e9tapes de sa vie.\u2028<\/span><\/p><\/div>\n\t\t\t\t<\/div>\n\t\t\t\t<\/div>\n\t\t\t\t\t\t<\/div>\n\t\t\t\t\t<\/div>\n\t\t<\/div>\n\t\t\t\t<div class=\"elementor-column elementor-col-50 elementor-top-column elementor-element elementor-element-859998f\" data-id=\"859998f\" data-element_type=\"column\">\n\t\t\t<div class=\"elementor-column-wrap elementor-element-populated\">\n\t\t\t\t\t\t\t<div class=\"elementor-widget-wrap\">\n\t\t\t\t\t\t<div class=\"elementor-element elementor-element-95976ea elementor-widget elementor-widget-image\" data-id=\"95976ea\" data-element_type=\"widget\" data-widget_type=\"image.default\">\n\t\t\t\t<div class=\"elementor-widget-container\">\n\t\t\t\t\t<div class=\"elementor-image\">\n\t\t\t\t\t\t\t\t\t\t\t<a href=\"https:\/\/www.youtube.com\/watch?v=DFQLiH4XvDs\" target=\"_blank\" rel=\"nofollow\">\n\t\t\t\t\t\t\t<img loading=\"lazy\" decoding=\"async\" width=\"840\" height=\"467\" src=\"https:\/\/toilesfilantesproductions.com\/wp-content\/uploads\/2020\/04\/04-Le-Martouret-Biovalle\u0301e-1024x569.jpg\" class=\"attachment-large size-large\" alt=\"\" srcset=\"https:\/\/toilesfilantesproductions.com\/wp-content\/uploads\/2020\/04\/04-Le-Martouret-Biovalle\u0301e-1024x569.jpg 1024w, https:\/\/toilesfilantesproductions.com\/wp-content\/uploads\/2020\/04\/04-Le-Martouret-Biovalle\u0301e-300x167.jpg 300w, https:\/\/toilesfilantesproductions.com\/wp-content\/uploads\/2020\/04\/04-Le-Martouret-Biovalle\u0301e-768x427.jpg 768w, https:\/\/toilesfilantesproductions.com\/wp-content\/uploads\/2020\/04\/04-Le-Martouret-Biovalle\u0301e-1200x666.jpg 1200w, https:\/\/toilesfilantesproductions.com\/wp-content\/uploads\/2020\/04\/04-Le-Martouret-Biovalle\u0301e.jpg 1417w\" sizes=\"(max-width: 709px) 85vw, (max-width: 909px) 67vw, (max-width: 1362px) 62vw, 840px\" \/>\t\t\t\t\t\t\t\t<\/a>\n\t\t\t\t\t\t\t\t\t\t\t<\/div>\n\t\t\t\t<\/div>\n\t\t\t\t<\/div>\n\t\t\t\t<div class=\"elementor-element elementor-element-02d9807 elementor-widget elementor-widget-text-editor\" data-id=\"02d9807\" data-element_type=\"widget\" data-widget_type=\"text-editor.default\">\n\t\t\t\t<div class=\"elementor-widget-container\">\n\t\t\t\t\t<div class=\"elementor-text-editor elementor-clearfix\"><p><strong>Le Martouret : tourisme social et ancrage territorial<\/strong><br \/><span style=\"font-size: 10pt;\">image et montage : Camille Arnaud |<\/span><br \/><span style=\"font-size: 10pt;\">son : Matthieu Quillet | <\/span><span style=\"font-size: 10pt;\">3min15s<\/span><\/p><\/div>\n\t\t\t\t<\/div>\n\t\t\t\t<\/div>\n\t\t\t\t\t\t<\/div>\n\t\t\t\t\t<\/div>\n\t\t<\/div>\n\t\t\t\t\t\t\t\t<\/div>\n\t\t\t\t\t<\/div>\n\t\t<\/section>\n\t\t\t\t<section class=\"elementor-section elementor-top-section elementor-element elementor-element-5fc1485 elementor-section-boxed elementor-section-height-default elementor-section-height-default\" data-id=\"5fc1485\" data-element_type=\"section\">\n\t\t\t\t\t\t<div class=\"elementor-container elementor-column-gap-default\">\n\t\t\t\t\t\t\t<div class=\"elementor-row\">\n\t\t\t\t\t<div class=\"elementor-column elementor-col-50 elementor-top-column elementor-element elementor-element-14d35a9\" data-id=\"14d35a9\" data-element_type=\"column\">\n\t\t\t<div class=\"elementor-column-wrap elementor-element-populated\">\n\t\t\t\t\t\t\t<div class=\"elementor-widget-wrap\">\n\t\t\t\t\t\t<div class=\"elementor-element elementor-element-0b0388a elementor-widget elementor-widget-image\" data-id=\"0b0388a\" data-element_type=\"widget\" data-widget_type=\"image.default\">\n\t\t\t\t<div class=\"elementor-widget-container\">\n\t\t\t\t\t<div class=\"elementor-image\">\n\t\t\t\t\t\t\t\t\t\t\t<a href=\"https:\/\/vimeo.com\/308660131\" target=\"_blank\" rel=\"nofollow\">\n\t\t\t\t\t\t\t<img loading=\"lazy\" decoding=\"async\" width=\"840\" height=\"473\" src=\"https:\/\/toilesfilantesproductions.com\/wp-content\/uploads\/2020\/04\/05-Rencontre-Collectif-VRAC-1024x576.jpg\" class=\"attachment-large size-large\" alt=\"\" srcset=\"https:\/\/toilesfilantesproductions.com\/wp-content\/uploads\/2020\/04\/05-Rencontre-Collectif-VRAC-1024x576.jpg 1024w, https:\/\/toilesfilantesproductions.com\/wp-content\/uploads\/2020\/04\/05-Rencontre-Collectif-VRAC-300x169.jpg 300w, https:\/\/toilesfilantesproductions.com\/wp-content\/uploads\/2020\/04\/05-Rencontre-Collectif-VRAC-768x432.jpg 768w, https:\/\/toilesfilantesproductions.com\/wp-content\/uploads\/2020\/04\/05-Rencontre-Collectif-VRAC-1536x864.jpg 1536w, https:\/\/toilesfilantesproductions.com\/wp-content\/uploads\/2020\/04\/05-Rencontre-Collectif-VRAC-2048x1152.jpg 2048w, https:\/\/toilesfilantesproductions.com\/wp-content\/uploads\/2020\/04\/05-Rencontre-Collectif-VRAC-1200x675.jpg 1200w\" sizes=\"(max-width: 709px) 85vw, (max-width: 909px) 67vw, (max-width: 1362px) 62vw, 840px\" \/>\t\t\t\t\t\t\t\t<\/a>\n\t\t\t\t\t\t\t\t\t\t\t<\/div>\n\t\t\t\t<\/div>\n\t\t\t\t<\/div>\n\t\t\t\t<div class=\"elementor-element elementor-element-d2a5f09 elementor-widget elementor-widget-text-editor\" data-id=\"d2a5f09\" data-element_type=\"widget\" data-widget_type=\"text-editor.default\">\n\t\t\t\t<div class=\"elementor-widget-container\">\n\t\t\t\t\t<div class=\"elementor-text-editor elementor-clearfix\"><p><strong>\u00ab Rencontre \u00bb par le Collectif Vrac<br \/><\/strong><span style=\"font-size: 10pt;\">image, son et montage : Matthieu Quillet | 6min36s <\/span><\/p><\/div>\n\t\t\t\t<\/div>\n\t\t\t\t<\/div>\n\t\t\t\t\t\t<\/div>\n\t\t\t\t\t<\/div>\n\t\t<\/div>\n\t\t\t\t<div class=\"elementor-column elementor-col-50 elementor-top-column elementor-element elementor-element-461af06\" data-id=\"461af06\" data-element_type=\"column\">\n\t\t\t<div class=\"elementor-column-wrap elementor-element-populated\">\n\t\t\t\t\t\t\t<div class=\"elementor-widget-wrap\">\n\t\t\t\t\t\t<div class=\"elementor-element elementor-element-88fbf61 elementor-widget elementor-widget-image\" data-id=\"88fbf61\" data-element_type=\"widget\" data-widget_type=\"image.default\">\n\t\t\t\t<div class=\"elementor-widget-container\">\n\t\t\t\t\t<div class=\"elementor-image\">\n\t\t\t\t\t\t\t\t\t\t\t<a href=\"https:\/\/vimeo.com\/265636841\" target=\"_blank\" rel=\"nofollow\">\n\t\t\t\t\t\t\t<img loading=\"lazy\" decoding=\"async\" width=\"840\" height=\"473\" src=\"https:\/\/toilesfilantesproductions.com\/wp-content\/uploads\/2020\/04\/06-Carnaval-de-Livron-1024x576.jpg\" class=\"attachment-large size-large\" alt=\"\" srcset=\"https:\/\/toilesfilantesproductions.com\/wp-content\/uploads\/2020\/04\/06-Carnaval-de-Livron-1024x576.jpg 1024w, https:\/\/toilesfilantesproductions.com\/wp-content\/uploads\/2020\/04\/06-Carnaval-de-Livron-300x169.jpg 300w, https:\/\/toilesfilantesproductions.com\/wp-content\/uploads\/2020\/04\/06-Carnaval-de-Livron-768x432.jpg 768w, https:\/\/toilesfilantesproductions.com\/wp-content\/uploads\/2020\/04\/06-Carnaval-de-Livron-1536x864.jpg 1536w, https:\/\/toilesfilantesproductions.com\/wp-content\/uploads\/2020\/04\/06-Carnaval-de-Livron-2048x1152.jpg 2048w, https:\/\/toilesfilantesproductions.com\/wp-content\/uploads\/2020\/04\/06-Carnaval-de-Livron-1200x675.jpg 1200w\" sizes=\"(max-width: 709px) 85vw, (max-width: 909px) 67vw, (max-width: 1362px) 62vw, 840px\" \/>\t\t\t\t\t\t\t\t<\/a>\n\t\t\t\t\t\t\t\t\t\t\t<\/div>\n\t\t\t\t<\/div>\n\t\t\t\t<\/div>\n\t\t\t\t<div class=\"elementor-element elementor-element-ced374f elementor-widget elementor-widget-text-editor\" data-id=\"ced374f\" data-element_type=\"widget\" data-widget_type=\"text-editor.default\">\n\t\t\t\t<div class=\"elementor-widget-container\">\n\t\t\t\t\t<div class=\"elementor-text-editor elementor-clearfix\"><p><strong>Carnaval de Livron<\/strong><br \/><span style=\"font-size: 10pt;\">image et montage : Thorsten Kunisch | son : Matthieu Quillet | 13min31s<\/span><\/p><\/div>\n\t\t\t\t<\/div>\n\t\t\t\t<\/div>\n\t\t\t\t\t\t<\/div>\n\t\t\t\t\t<\/div>\n\t\t<\/div>\n\t\t\t\t\t\t\t\t<\/div>\n\t\t\t\t\t<\/div>\n\t\t<\/section>\n\t\t\t\t<section class=\"elementor-section elementor-top-section elementor-element elementor-element-73707c3 elementor-section-boxed elementor-section-height-default elementor-section-height-default\" data-id=\"73707c3\" data-element_type=\"section\">\n\t\t\t\t\t\t<div class=\"elementor-container elementor-column-gap-default\">\n\t\t\t\t\t\t\t<div class=\"elementor-row\">\n\t\t\t\t\t<div class=\"elementor-column elementor-col-50 elementor-top-column elementor-element elementor-element-25b1c9f\" data-id=\"25b1c9f\" data-element_type=\"column\">\n\t\t\t<div class=\"elementor-column-wrap elementor-element-populated\">\n\t\t\t\t\t\t\t<div class=\"elementor-widget-wrap\">\n\t\t\t\t\t\t<div class=\"elementor-element elementor-element-3045504 elementor-widget elementor-widget-image\" data-id=\"3045504\" data-element_type=\"widget\" data-widget_type=\"image.default\">\n\t\t\t\t<div class=\"elementor-widget-container\">\n\t\t\t\t\t<div class=\"elementor-image\">\n\t\t\t\t\t\t\t\t\t\t\t<a href=\"https:\/\/www.youtube.com\/watch?v=246SC7MMmJ4\" target=\"_blank\" rel=\"nofollow\">\n\t\t\t\t\t\t\t<img loading=\"lazy\" decoding=\"async\" width=\"840\" height=\"473\" src=\"https:\/\/toilesfilantesproductions.com\/wp-content\/uploads\/2020\/04\/07-Les-e\u0301co-he\u0301bergeurs-de-la-Biovalle\u0301e-1024x576.jpg\" class=\"attachment-large size-large\" alt=\"\" srcset=\"https:\/\/toilesfilantesproductions.com\/wp-content\/uploads\/2020\/04\/07-Les-e\u0301co-he\u0301bergeurs-de-la-Biovalle\u0301e-1024x576.jpg 1024w, https:\/\/toilesfilantesproductions.com\/wp-content\/uploads\/2020\/04\/07-Les-e\u0301co-he\u0301bergeurs-de-la-Biovalle\u0301e-300x169.jpg 300w, https:\/\/toilesfilantesproductions.com\/wp-content\/uploads\/2020\/04\/07-Les-e\u0301co-he\u0301bergeurs-de-la-Biovalle\u0301e-768x432.jpg 768w, https:\/\/toilesfilantesproductions.com\/wp-content\/uploads\/2020\/04\/07-Les-e\u0301co-he\u0301bergeurs-de-la-Biovalle\u0301e-1536x864.jpg 1536w, https:\/\/toilesfilantesproductions.com\/wp-content\/uploads\/2020\/04\/07-Les-e\u0301co-he\u0301bergeurs-de-la-Biovalle\u0301e-2048x1152.jpg 2048w, https:\/\/toilesfilantesproductions.com\/wp-content\/uploads\/2020\/04\/07-Les-e\u0301co-he\u0301bergeurs-de-la-Biovalle\u0301e-1200x675.jpg 1200w\" sizes=\"(max-width: 709px) 85vw, (max-width: 909px) 67vw, (max-width: 1362px) 62vw, 840px\" \/>\t\t\t\t\t\t\t\t<\/a>\n\t\t\t\t\t\t\t\t\t\t\t<\/div>\n\t\t\t\t<\/div>\n\t\t\t\t<\/div>\n\t\t\t\t<div class=\"elementor-element elementor-element-31cc963 elementor-widget elementor-widget-text-editor\" data-id=\"31cc963\" data-element_type=\"widget\" data-widget_type=\"text-editor.default\">\n\t\t\t\t<div class=\"elementor-widget-container\">\n\t\t\t\t\t<div class=\"elementor-text-editor elementor-clearfix\"><p><strong>Les \u00e9co-h\u00e9bergeurs de la Biovall\u00e9e : un r\u00e9seau pour le tourisme vert<\/strong><br \/><span style=\"font-size: 10pt;\">image et montage : Thorsten Kunisch | son : Matthieu Quillet | 4min37s<\/span><\/p><\/div>\n\t\t\t\t<\/div>\n\t\t\t\t<\/div>\n\t\t\t\t\t\t<\/div>\n\t\t\t\t\t<\/div>\n\t\t<\/div>\n\t\t\t\t<div class=\"elementor-column elementor-col-50 elementor-top-column elementor-element elementor-element-b0846c3\" data-id=\"b0846c3\" data-element_type=\"column\">\n\t\t\t<div class=\"elementor-column-wrap elementor-element-populated\">\n\t\t\t\t\t\t\t<div class=\"elementor-widget-wrap\">\n\t\t\t\t\t\t<div class=\"elementor-element elementor-element-e90c816 elementor-widget elementor-widget-image\" data-id=\"e90c816\" data-element_type=\"widget\" data-widget_type=\"image.default\">\n\t\t\t\t<div class=\"elementor-widget-container\">\n\t\t\t\t\t<div class=\"elementor-image\">\n\t\t\t\t\t\t\t\t\t\t\t<a href=\"https:\/\/vimeo.com\/71988020\" target=\"_blank\" rel=\"nofollow\">\n\t\t\t\t\t\t\t<img loading=\"lazy\" decoding=\"async\" width=\"650\" height=\"366\" src=\"https:\/\/toilesfilantesproductions.com\/wp-content\/uploads\/2020\/04\/08-saintlouis_energierenouvelable.jpg\" class=\"attachment-large size-large\" alt=\"\" srcset=\"https:\/\/toilesfilantesproductions.com\/wp-content\/uploads\/2020\/04\/08-saintlouis_energierenouvelable.jpg 650w, https:\/\/toilesfilantesproductions.com\/wp-content\/uploads\/2020\/04\/08-saintlouis_energierenouvelable-300x169.jpg 300w\" sizes=\"(max-width: 650px) 85vw, 650px\" \/>\t\t\t\t\t\t\t\t<\/a>\n\t\t\t\t\t\t\t\t\t\t\t<\/div>\n\t\t\t\t<\/div>\n\t\t\t\t<\/div>\n\t\t\t\t<div class=\"elementor-element elementor-element-d544387 elementor-widget elementor-widget-text-editor\" data-id=\"d544387\" data-element_type=\"widget\" data-widget_type=\"text-editor.default\">\n\t\t\t\t<div class=\"elementor-widget-container\">\n\t\t\t\t\t<div class=\"elementor-text-editor elementor-clearfix\"><p><strong>\u00c9tablissement scolaire Saint-Louis \u00e0 Crest &#8211; Formation aux \u00e9nergies renouvelables, formation adulte<\/strong> <br \/><span style=\"font-size: 10pt;\">image, montage : Thorsten Kunisch | son : Matthieu Quillet | 5min03s<\/span><\/p><\/div>\n\t\t\t\t<\/div>\n\t\t\t\t<\/div>\n\t\t\t\t\t\t<\/div>\n\t\t\t\t\t<\/div>\n\t\t<\/div>\n\t\t\t\t\t\t\t\t<\/div>\n\t\t\t\t\t<\/div>\n\t\t<\/section>\n\t\t\t\t<section class=\"elementor-section elementor-top-section elementor-element elementor-element-ae2e680 elementor-section-boxed elementor-section-height-default elementor-section-height-default\" data-id=\"ae2e680\" data-element_type=\"section\">\n\t\t\t\t\t\t<div class=\"elementor-container elementor-column-gap-default\">\n\t\t\t\t\t\t\t<div class=\"elementor-row\">\n\t\t\t\t\t<div class=\"elementor-column elementor-col-50 elementor-top-column elementor-element elementor-element-6ed9dd1\" data-id=\"6ed9dd1\" data-element_type=\"column\">\n\t\t\t<div class=\"elementor-column-wrap elementor-element-populated\">\n\t\t\t\t\t\t\t<div class=\"elementor-widget-wrap\">\n\t\t\t\t\t\t<div class=\"elementor-element elementor-element-d977e95 elementor-widget elementor-widget-image\" data-id=\"d977e95\" data-element_type=\"widget\" data-widget_type=\"image.default\">\n\t\t\t\t<div class=\"elementor-widget-container\">\n\t\t\t\t\t<div class=\"elementor-image\">\n\t\t\t\t\t\t\t\t\t\t\t<a href=\"https:\/\/vimeo.com\/72129210\" target=\"_blank\" rel=\"nofollow\">\n\t\t\t\t\t\t\t<img loading=\"lazy\" decoding=\"async\" width=\"650\" height=\"365\" src=\"https:\/\/toilesfilantesproductions.com\/wp-content\/uploads\/2020\/04\/09-pharma_court_06-fc4b3-e1589891725323.jpg\" class=\"attachment-large size-large\" alt=\"\" srcset=\"https:\/\/toilesfilantesproductions.com\/wp-content\/uploads\/2020\/04\/09-pharma_court_06-fc4b3-e1589891725323.jpg 650w, https:\/\/toilesfilantesproductions.com\/wp-content\/uploads\/2020\/04\/09-pharma_court_06-fc4b3-e1589891725323-300x168.jpg 300w\" sizes=\"(max-width: 650px) 85vw, 650px\" \/>\t\t\t\t\t\t\t\t<\/a>\n\t\t\t\t\t\t\t\t\t\t\t<\/div>\n\t\t\t\t<\/div>\n\t\t\t\t<\/div>\n\t\t\t\t<div class=\"elementor-element elementor-element-8192a2a elementor-widget elementor-widget-text-editor\" data-id=\"8192a2a\" data-element_type=\"widget\" data-widget_type=\"text-editor.default\">\n\t\t\t\t<div class=\"elementor-widget-container\">\n\t\t\t\t\t<div class=\"elementor-text-editor elementor-clearfix\"><p><strong>La pharmacie, tout court<\/strong> <br \/><span style=\"font-size: 10pt;\">image : Armande Chollat-Namy | montage : Thorsten Kunisch | son, lumi\u00e8re, \u00e9talonnage : Sigurdur Magnusson | 5min45s<\/span><\/p><p><span style=\"font-size: 10pt;\">Nous proposons au personnel de votre entreprise l\u2019exp\u00e9rience d\u2019un vrai tournage de film.\u2028Se lancer en groupe dans un challenge cr\u00e9atif, renforcer les liens humains d\u2019une \u00e9quipe, partager des responsabilit\u00e9s et se d\u00e9couvrir diff\u00e9remment dans le contexte d\u2019une \u00e9quipe de cin\u00e9ma.<\/span><br \/><span style=\"font-size: 10pt;\">Court m\u00e9trage r\u00e9alis\u00e9 avec les employ\u00e9s de la pharmacie Poletti-Repellin \u00e0 Albertville.<\/span><\/p><\/div>\n\t\t\t\t<\/div>\n\t\t\t\t<\/div>\n\t\t\t\t\t\t<\/div>\n\t\t\t\t\t<\/div>\n\t\t<\/div>\n\t\t\t\t<div class=\"elementor-column elementor-col-50 elementor-top-column elementor-element elementor-element-9364758\" data-id=\"9364758\" data-element_type=\"column\">\n\t\t\t<div class=\"elementor-column-wrap\">\n\t\t\t\t\t\t\t<div class=\"elementor-widget-wrap\">\n\t\t\t\t\t\t\t\t<\/div>\n\t\t\t\t\t<\/div>\n\t\t<\/div>\n\t\t\t\t\t\t\t\t<\/div>\n\t\t\t\t\t<\/div>\n\t\t<\/section>\n\t\t\t\t\t\t<\/div>\n\t\t\t\t\t\t<\/div>\n\t\t\t\t\t<\/div>\n\t\t","protected":false},"excerpt":{"rendered":"<p>L\u2019association Biovall\u00e9e image : Thorsten Kunisch et Camille Arnaud | montage : Thorsten Kunisch et Camille Arnaud\u2028 | prise de son : Matthieu Quillet | \u20284min55s 123 Soleil, des artistes \u00e0 l\u2019H\u00f4pitalimage et montage : Thorsten Kunisch | son : Matthieu Quillet | 14min Conseil Local de D\u00e9veloppement &#8211; CCVDimage, montage : Thorsten Kunisch | &hellip; <a href=\"https:\/\/toilesfilantesproductions.com\/index.php\/films-institutionnels\/\" class=\"more-link\">Continuer la lecture<span class=\"screen-reader-text\"> de &laquo;&nbsp;films institutionnels&nbsp;&raquo;<\/span><\/a><\/p>\n","protected":false},"author":1,"featured_media":0,"parent":0,"menu_order":0,"comment_status":"closed","ping_status":"closed","template":"","meta":{"footnotes":""},"yoast_head":"<!-- This site is optimized with the Yoast SEO plugin v15.9 - https:\/\/yoast.com\/wordpress\/plugins\/seo\/ -->\n<title>films institutionnels &mdash; Toiles Filantes Productions<\/title>\n<meta name=\"robots\" content=\"index, follow, max-snippet:-1, max-image-preview:large, max-video-preview:-1\" \/>\n<link rel=\"canonical\" href=\"https:\/\/toilesfilantesproductions.com\/index.php\/films-institutionnels\/\" \/>\n<meta property=\"og:locale\" content=\"fr_FR\" \/>\n<meta property=\"og:type\" content=\"article\" \/>\n<meta property=\"og:title\" content=\"films institutionnels &mdash; Toiles Filantes Productions\" \/>\n<meta property=\"og:description\" content=\"L\u2019association Biovall\u00e9e image : Thorsten Kunisch et Camille Arnaud | montage : Thorsten Kunisch et Camille Arnaud\u2028 | prise de son : Matthieu Quillet | \u20284min55s 123 Soleil, des artistes \u00e0 l\u2019H\u00f4pitalimage et montage : Thorsten Kunisch | son : Matthieu Quillet | 14min Conseil Local de D\u00e9veloppement &#8211; CCVDimage, montage : Thorsten Kunisch | &hellip; Continuer la lecture de &laquo;&nbsp;films institutionnels&nbsp;&raquo;\" \/>\n<meta property=\"og:url\" content=\"https:\/\/toilesfilantesproductions.com\/index.php\/films-institutionnels\/\" \/>\n<meta property=\"og:site_name\" content=\"Toiles Filantes Productions\" \/>\n<meta property=\"article:modified_time\" content=\"2020-05-19T12:23:11+00:00\" \/>\n<meta property=\"og:image\" content=\"https:\/\/toilesfilantesproductions.com\/wp-content\/uploads\/2020\/04\/01-asso-biovalle\u0301e.jpg\" \/>\n<meta name=\"twitter:card\" content=\"summary_large_image\" \/>\n<meta name=\"twitter:label1\" content=\"Dur\u00e9e de lecture est.\">\n\t<meta name=\"twitter:data1\" content=\"1 minute\">\n<script type=\"application\/ld+json\" class=\"yoast-schema-graph\">{\"@context\":\"https:\/\/schema.org\",\"@graph\":[{\"@type\":\"Organization\",\"@id\":\"https:\/\/toilesfilantesproductions.com\/#organization\",\"name\":\"Toiles Filantes Productions\",\"url\":\"https:\/\/toilesfilantesproductions.com\/\",\"sameAs\":[],\"logo\":{\"@type\":\"ImageObject\",\"@id\":\"https:\/\/toilesfilantesproductions.com\/#logo\",\"inLanguage\":\"fr-FR\",\"url\":\"https:\/\/toilesfilantesproductions.com\/wp-content\/uploads\/2019\/12\/logo-TFP-production-audiovisuelle-drome.png\",\"width\":400,\"height\":218,\"caption\":\"Toiles Filantes Productions\"},\"image\":{\"@id\":\"https:\/\/toilesfilantesproductions.com\/#logo\"}},{\"@type\":\"WebSite\",\"@id\":\"https:\/\/toilesfilantesproductions.com\/#website\",\"url\":\"https:\/\/toilesfilantesproductions.com\/\",\"name\":\"Toiles Filantes Productions\",\"description\":\"Toiles Filantes Productions r\\u00e9unit des professionnels de l&#039;audiovisuel et vous propose des r\\u00e9alisations de clips de promotion, films institutionnels\\u2026\",\"publisher\":{\"@id\":\"https:\/\/toilesfilantesproductions.com\/#organization\"},\"potentialAction\":[{\"@type\":\"SearchAction\",\"target\":\"https:\/\/toilesfilantesproductions.com\/?s={search_term_string}\",\"query-input\":\"required name=search_term_string\"}],\"inLanguage\":\"fr-FR\"},{\"@type\":\"ImageObject\",\"@id\":\"https:\/\/toilesfilantesproductions.com\/index.php\/films-institutionnels\/#primaryimage\",\"inLanguage\":\"fr-FR\",\"url\":\"https:\/\/toilesfilantesproductions.com\/wp-content\/uploads\/2020\/04\/01-asso-biovalle\\u0301e.jpg\"},{\"@type\":\"WebPage\",\"@id\":\"https:\/\/toilesfilantesproductions.com\/index.php\/films-institutionnels\/#webpage\",\"url\":\"https:\/\/toilesfilantesproductions.com\/index.php\/films-institutionnels\/\",\"name\":\"films institutionnels &mdash; Toiles Filantes Productions\",\"isPartOf\":{\"@id\":\"https:\/\/toilesfilantesproductions.com\/#website\"},\"primaryImageOfPage\":{\"@id\":\"https:\/\/toilesfilantesproductions.com\/index.php\/films-institutionnels\/#primaryimage\"},\"datePublished\":\"2019-12-05T13:27:31+00:00\",\"dateModified\":\"2020-05-19T12:23:11+00:00\",\"breadcrumb\":{\"@id\":\"https:\/\/toilesfilantesproductions.com\/index.php\/films-institutionnels\/#breadcrumb\"},\"inLanguage\":\"fr-FR\",\"potentialAction\":[{\"@type\":\"ReadAction\",\"target\":[\"https:\/\/toilesfilantesproductions.com\/index.php\/films-institutionnels\/\"]}]},{\"@type\":\"BreadcrumbList\",\"@id\":\"https:\/\/toilesfilantesproductions.com\/index.php\/films-institutionnels\/#breadcrumb\",\"itemListElement\":[{\"@type\":\"ListItem\",\"position\":1,\"item\":{\"@type\":\"WebPage\",\"@id\":\"https:\/\/toilesfilantesproductions.com\/\",\"url\":\"https:\/\/toilesfilantesproductions.com\/\",\"name\":\"Accueil\"}},{\"@type\":\"ListItem\",\"position\":2,\"item\":{\"@type\":\"WebPage\",\"@id\":\"https:\/\/toilesfilantesproductions.com\/index.php\/films-institutionnels\/\",\"url\":\"https:\/\/toilesfilantesproductions.com\/index.php\/films-institutionnels\/\",\"name\":\"films institutionnels\"}}]}]}<\/script>\n<!-- \/ Yoast SEO plugin. -->","_links":{"self":[{"href":"https:\/\/toilesfilantesproductions.com\/index.php\/wp-json\/wp\/v2\/pages\/43"}],"collection":[{"href":"https:\/\/toilesfilantesproductions.com\/index.php\/wp-json\/wp\/v2\/pages"}],"about":[{"href":"https:\/\/toilesfilantesproductions.com\/index.php\/wp-json\/wp\/v2\/types\/page"}],"author":[{"embeddable":true,"href":"https:\/\/toilesfilantesproductions.com\/index.php\/wp-json\/wp\/v2\/users\/1"}],"replies":[{"embeddable":true,"href":"https:\/\/toilesfilantesproductions.com\/index.php\/wp-json\/wp\/v2\/comments?post=43"}],"version-history":[{"count":30,"href":"https:\/\/toilesfilantesproductions.com\/index.php\/wp-json\/wp\/v2\/pages\/43\/revisions"}],"predecessor-version":[{"id":553,"href":"https:\/\/toilesfilantesproductions.com\/index.php\/wp-json\/wp\/v2\/pages\/43\/revisions\/553"}],"wp:attachment":[{"href":"https:\/\/toilesfilantesproductions.com\/index.php\/wp-json\/wp\/v2\/media?parent=43"}],"curies":[{"name":"wp","href":"https:\/\/api.w.org\/{rel}","templated":true}]}}